{"id":1063,"date":"2019-05-09T22:11:07","date_gmt":"2019-05-09T22:11:07","guid":{"rendered":"https:\/\/www.wddscyprus.com\/about-us\/"},"modified":"2022-09-15T14:57:34","modified_gmt":"2022-09-15T11:57:34","slug":"about-us","status":"publish","type":"page","link":"https:\/\/www.wddscyprus.com\/tr\/about-us\/","title":{"rendered":"HAKKINDA"},"content":{"rendered":"<div class=\"wpb-content-wrapper\"><p>[vc_row wrap_container=&#8221;yes&#8221; text_align=&#8221;center&#8221; css=&#8221;.vc_custom_1557440036352{padding-top: 6rem !important;padding-bottom: 4rem !important;}&#8221;][vc_column text_align=&#8221;left&#8221;][vc_custom_heading text=&#8221;&#8220;Alman Dili Haftalar\u0131&#8220;&#8221; font_container=&#8221;tag:h2|font_size:25|text_align:left|line_height:42px&#8221; google_fonts=&#8221;font_family:Roboto%3A100%2C100italic%2C300%2C300italic%2Cregular%2Citalic%2C500%2C500italic%2C700%2C700italic%2C900%2C900italic|font_style:500%20bold%20regular%3A500%3Anormal&#8221; css_animation=&#8221;fadeInUp&#8221; el_class=&#8221;ls-0&#8243;][vc_column_text]\u2018Alman Dili Haftalar\u0131\u2019 her y\u0131l Avusturya, Almanya ve \u0130svi\u00e7re B\u00fcy\u00fckel\u00e7ilikleri ile Goethe Enstit\u00fcs\u00fc-K\u0131br\u0131s i\u015fbirli\u011finde Ekim ve Kas\u0131m aylar\u0131nda d\u00fczenlenmekte olup, Alman dili ve \u00fclkelerin k\u00fclt\u00fcrleri ile ilgili sinema, m\u00fczikal etkinlikler, tiyatro, multimedya etkinlikler, sergiler ve konferanslardan olu\u015fmaktad\u0131r. Festival ilk kez 2017 Sonbahar mevsiminde d\u00fczenlenmi\u015f olup, g\u00fcn\u00fcm\u00fcze kadar ise adan\u0131n bir\u00e7ok yerinde etkinliklerle \u00e7e\u015fitlendirilmi\u015ftir.<\/p>\n<p>Almanca 130 milyondan fazla ki\u015finin ana dili olup, d\u00fcnyada yakla\u015f\u0131k 14,5 milyon ki\u015fi Almanca \u00f6\u011frenmektedir. Almanca \u00f6\u011frenmek dilbilimsel anlamda bir\u00e7ok f\u0131rsat yaratt\u0131\u011f\u0131 gibi, Avusturya, Almanya, \u0130svi\u00e7re ve di\u011fer Almanca konu\u015fulan \u00fclkelerdeki k\u00fclt\u00fcrel \u00e7e\u015fitlili\u011fi tan\u0131maya da yard\u0131mc\u0131 olmaktad\u0131r.<\/p>\n<p>\u2018Alman Dili Haftalar\u0131\u2019 K\u0131br\u0131s\u2019taki \u00e7ok dillilik perspektifini desteklemek ve K\u0131br\u0131s ile di\u011fer Avrupa \u00fclkeleri aras\u0131ndaki k\u00fclt\u00fcrel etkile\u015fime katk\u0131 sunmay\u0131 ama\u00e7lamaktad\u0131r.[\/vc_column_text][\/vc_column][\/vc_row][vc_row wrap_container=&#8221;yes&#8221; text_align=&#8221;center&#8221; css=&#8221;.vc_custom_1601388973458{padding-bottom: 4rem !important;}&#8221;][vc_column text_align=&#8221;left&#8221;][vc_custom_heading text=&#8221;Organizasyon&#8221; font_container=&#8221;tag:h2|font_size:25|text_align:left|line_height:42px&#8221; google_fonts=&#8221;font_family:Roboto%3A100%2C100italic%2C300%2C300italic%2Cregular%2Citalic%2C500%2C500italic%2C700%2C700italic%2C900%2C900italic|font_style:500%20bold%20regular%3A500%3Anormal&#8221; css_animation=&#8221;fadeInUp&#8221; el_class=&#8221;ls-0&#8243;][vc_column_text]\u2018Alman Dili Haftalar\u0131\u2019 Alman diline g\u00f6n\u00fcl vermi\u015f ki\u015filere \u00e7e\u015fitli k\u00fclt\u00fcrel etkinliklerle ada genelinde ula\u015fmay\u0131 hedefleyen Avusturya, Almanya ve \u0130svi\u00e7re B\u00fcy\u00fckel\u00e7ilikleri ile Goethe Enstit\u00fcs\u00fc-K\u0131br\u0131s i\u015fbirli\u011finde d\u00fczenlenmektedir. Festival destek verenlerin de\u011ferli i\u015f birli\u011fi olmadan m\u00fcmk\u00fcn olmayacakt\u0131.<\/p>\n<p>Yabanc\u0131 dil becerilerinin iyi olmas\u0131n\u0131n kar\u015f\u0131l\u0131kl\u0131 anlay\u0131\u015f, g\u00fcven, diyalo\u011fun geli\u015ftirilmesi ile ki\u015filer ve k\u00fclt\u00fcrler aras\u0131 etkile\u015fim a\u00e7\u0131s\u0131nda \u00f6nemli bir yap\u0131 ta\u015f\u0131 oldu\u011funa inanmaktay\u0131z. Ki\u015finin kendi konu\u015ftu\u011fu dil \u00fczerindeki geli\u015fimi ve \u00e7ok dillilik Avrupa i\u00e7in \u00f6nem ta\u015f\u0131maktad\u0131r.[\/vc_column_text][\/vc_column][\/vc_row][vc_row wrap_container=&#8221;yes&#8221; is_section=&#8221;yes&#8221; section_skin=&#8221;parallax&#8221; remove_margin_top=&#8221;yes&#8221; remove_border=&#8221;yes&#8221;][vc_column]<div class=\"porto-carousel owl-carousel has-ccols has-ccols-spacing ccols-xl-4 ccols-lg-4 ccols-md-3 ccols-sm-2 ccols-1 hover-effect-3 mb-0 stage-margin wpb_custom_70a89e142ccf56dcd4c7bfc4b40db368\" data-plugin-options=\"{&quot;themeConfig&quot;:true,&quot;stagePadding&quot;:50,&quot;margin&quot;:10,&quot;autoplay&quot;:false,&quot;mouseDrag&quot;:true,&quot;touchDrag&quot;:true,&quot;autoplayTimeout&quot;:5000,&quot;autoplayHoverPause&quot;:false,&quot;items&quot;:4,&quot;xl&quot;:4,&quot;lg&quot;:4,&quot;md&quot;:3,&quot;sm&quot;:2,&quot;xs&quot;:1,&quot;nav&quot;:false,&quot;dots&quot;:false,&quot;animateIn&quot;:&quot;&quot;,&quot;animateOut&quot;:&quot;&quot;,&quot;loop&quot;:false,&quot;center&quot;:false,&quot;video&quot;:false,&quot;lazyLoad&quot;:false,&quot;fullscreen&quot;:false}\">[vc_single_image image=&#8221;640&#8243; img_size=&#8221;180&#8243; alignment=&#8221;center&#8221; onclick=&#8221;custom_link&#8221; img_link_target=&#8221;_blank&#8221; link=&#8221;https:\/\/www.bmeia.gv.at\/en\/austrian-embassy-nicosia\/&#8221;][vc_single_image image=&#8221;651&#8243; img_size=&#8221;180&#8243; alignment=&#8221;center&#8221; onclick=&#8221;custom_link&#8221; img_link_target=&#8221;_blank&#8221; link=&#8221;https:\/\/nikosia.diplo.de\/&#8221;][vc_single_image image=&#8221;644&#8243; img_size=&#8221;180&#8243; alignment=&#8221;center&#8221; onclick=&#8221;custom_link&#8221; img_link_target=&#8221;_blank&#8221; link=&#8221;https:\/\/www.eda.admin.ch\/nicosia&#8221;][vc_single_image image=&#8221;639&#8243; img_size=&#8221;180&#8243; alignment=&#8221;center&#8221; onclick=&#8221;custom_link&#8221; img_link_target=&#8221;_blank&#8221; link=&#8221;https:\/\/www.goethe.de\/ins\/cy\/en\/index.html&#8221;]<\/div>[\/vc_column][\/vc_row]<\/p>\n<\/div>","protected":false},"excerpt":{"rendered":"<p>[vc_row wrap_container=&#8221;yes&#8221; text_align=&#8221;center&#8221; css=&#8221;.vc_custom_1557440036352{padding-top: 6rem !important;padding-bottom: 4rem !important;}&#8221;][vc_column text_align=&#8221;left&#8221;][vc_custom_heading text=&#8221;&#8220;Alman Dili Haftalar\u0131&#8220;&#8221; font_container=&#8221;tag:h2|font_size:25|text_align:left|line_height:42px&#8221; google_fonts=&#8221;font_family:Roboto%3A100%2C100italic%2C300%2C300italic%2Cregular%2Citalic%2C500%2C500italic%2C700%2C700italic%2C900%2C900italic|font_style:500%20bold%20regular%3A500%3Anormal&#8221; css_animation=&#8221;fadeInUp&#8221; el_class=&#8221;ls-0&#8243;][vc_column_text]\u2018Alman Dili Haftalar\u0131\u2019 her y\u0131l Avusturya, Almanya ve \u0130svi\u00e7re B\u00fcy\u00fckel\u00e7ilikleri ile Goethe Enstit\u00fcs\u00fc-K\u0131br\u0131s i\u015fbirli\u011finde Ekim [&hellip;]<\/p>\n","protected":false},"author":1,"featured_media":0,"parent":0,"menu_order":0,"comment_status":"closed","ping_status":"closed","template":"","meta":{"_acf_changed":false,"_seopress_titles_title":"","_seopress_titles_desc":"","_seopress_robots_index":"","_seopress_robots_follow":"","_seopress_robots_imageindex":"","_seopress_robots_snippet":"","_seopress_robots_primary_cat":"","_seopress_robots_breadcrumbs":"","_seopress_robots_freeze_modified_date":"","_seopress_robots_custom_modified_date":"","_seopress_robots_canonical":"","_seopress_social_fb_title":"","_seopress_social_fb_desc":"","_seopress_social_fb_img":"","_seopress_social_fb_img_attachment_id":0,"_seopress_social_fb_img_width":0,"_seopress_social_fb_img_height":0,"_seopress_social_twitter_title":"","_seopress_social_twitter_desc":"","_seopress_social_twitter_img":"","_seopress_social_twitter_img_attachment_id":0,"_seopress_social_twitter_img_width":0,"_seopress_social_twitter_img_height":0,"_seopress_redirections_value":"","_seopress_redirections_enabled":"","_seopress_redirections_enabled_regex":"","_seopress_redirections_logged_status":"","_seopress_redirections_param":"","_seopress_redirections_type":0,"_seopress_analysis_target_kw":"","_seopress_news_disabled":"","_seopress_video_disabled":"","_seopress_video":[],"_seopress_pro_schemas_manual":[],"_seopress_pro_rich_snippets_disable_all":"","_seopress_pro_rich_snippets_disable":[],"_seopress_pro_schemas":[],"rs_blank_template":"","rs_page_bg_color":"","slide_template_v7":"","footnotes":""},"class_list":["post-1063","page","type-page","status-publish","hentry"],"acf":[],"_links":{"self":[{"href":"https:\/\/www.wddscyprus.com\/tr\/wp-json\/wp\/v2\/pages\/1063","targetHints":{"allow":["GET"]}}],"collection":[{"href":"https:\/\/www.wddscyprus.com\/tr\/wp-json\/wp\/v2\/pages"}],"about":[{"href":"https:\/\/www.wddscyprus.com\/tr\/wp-json\/wp\/v2\/types\/page"}],"author":[{"embeddable":true,"href":"https:\/\/www.wddscyprus.com\/tr\/wp-json\/wp\/v2\/users\/1"}],"replies":[{"embeddable":true,"href":"https:\/\/www.wddscyprus.com\/tr\/wp-json\/wp\/v2\/comments?post=1063"}],"version-history":[{"count":6,"href":"https:\/\/www.wddscyprus.com\/tr\/wp-json\/wp\/v2\/pages\/1063\/revisions"}],"predecessor-version":[{"id":2379,"href":"https:\/\/www.wddscyprus.com\/tr\/wp-json\/wp\/v2\/pages\/1063\/revisions\/2379"}],"wp:attachment":[{"href":"https:\/\/www.wddscyprus.com\/tr\/wp-json\/wp\/v2\/media?parent=1063"}],"curies":[{"name":"wp","href":"https:\/\/api.w.org\/{rel}","templated":true}]}}